{"id":3147,"date":"2024-06-28T19:31:49","date_gmt":"2024-06-28T16:31:49","guid":{"rendered":"https:\/\/tursaytravel.com\/?post_type=product&#038;p=3147"},"modified":"2026-04-19T15:50:50","modified_gmt":"2026-04-19T12:50:50","slug":"alanyadan-adrasan-suluada-tekne-turu","status":"publish","type":"product","link":"https:\/\/tursaytravel.com\/tr\/alanyadan-adrasan-suluada-tekne-turu\/","title":{"rendered":"Alanya&#8217;dan Adrasan Suluada Tekne Turu"},"content":{"rendered":"<h2>Alanya&#8217;dan Adrasan Suluada Tekne Turu<\/h2>\n<p>Adrasan Suluada Plaj\u0131, T\u00fcrkiye&#8217;nin Antalya ilinin Adrasan il\u00e7esi yak\u0131nlar\u0131nda bulunan k\u00fc\u00e7\u00fck bir ada plaj\u0131d\u0131r. Bu plaj \u00f6zellikle berrak sular\u0131 ve beyaz kumlar\u0131yla \u00fcnl\u00fcd\u00fcr. &#8220;Suluada&#8221; ismi adan\u0131n \u00e7evresinde bulunan tatl\u0131 su kaynaklar\u0131ndan gelmektedir. Suluada Plaj\u0131, do\u011fal g\u00fczellikleri ve sakin atmosferiyle do\u011fa tutkunlar\u0131 ve deniz tutkunlar\u0131 i\u00e7in m\u00fckemmel bir ka\u00e7amak noktas\u0131d\u0131r. Bu g\u00fczel aday\u0131 ziyaret edebilir, Akdeniz&#8217;in tertemiz sular\u0131nda unutulmaz an\u0131lar yaratabilirsiniz.    <\/p>\n<h2>Tur Detaylar\u0131:<\/h2>\n<ul>\n<li>Sizi saat 04:30 civar\u0131nda otelinizden alaca\u011f\u0131z.<\/li>\n<li>Klimal\u0131 otob\u00fcsle Adrasan koyuna gidece\u011fiz.<\/li>\n<li>Tekne turumuz 10:00-16:00 saatleri aras\u0131nda olacakt\u0131r.<\/li>\n<li>Bu s\u00fcre i\u00e7inde;<\/li>\n<li>S\u0131ras\u0131yla Suluada plaj\u0131n\u0131, Suluada su kayna\u011f\u0131n\u0131, A\u015fk ma\u011faras\u0131n\u0131 ve Amerikan plaj\u0131n\u0131 ziyaret edece\u011fiz.<\/li>\n<li>Ayr\u0131ca keyifli aktiviteler ve y\u00fczme molalar\u0131m\u0131z da olacakt\u0131r.<\/li>\n<li>\u00d6\u011fle yeme\u011fi molas\u0131 Suluada&#8217;da olacakt\u0131r.<\/li>\n<li>\u00d6\u011fle yeme\u011fi tura dahildir. (Bal\u0131k, makarna, salata) <\/li>\n<li>Tekne turumuz bittikten sonra Alanya&#8217;ya d\u00f6nece\u011fiz.<\/li>\n<li>Sizi saat 20:30 civar\u0131nda otelinize b\u0131rakaca\u011f\u0131z.<\/li>\n<\/ul>\n<p>\u015eimdiden iyi e\u011flenceler \ud83d\ude42<\/p>\n<h2>Fiyata dahil:<\/h2>\n<ul>\n<li>Sigorta<\/li>\n<li>Rehber<\/li>\n<li>Otelden Al\u0131n\u0131\u015f\/Otele B\u0131rak\u0131l\u0131\u015f<\/li>\n<li>\u00d6\u011fle yeme\u011fi<\/li>\n<li>\u00c7ay ve bisk\u00fcvi ikram\u0131<\/li>\n<li>Organik meyve taba\u011f\u0131<\/li>\n<li>Tekne turu<\/li>\n<\/ul>\n<h2>\u0130ste\u011fe ba\u011fl\u0131 fiyata dahil olmayanlar:<\/h2>\n<ul>\n<li>\u0130\u00e7ecekler<\/li>\n<li>At\u0131\u015ft\u0131rmal\u0131klar<\/li>\n<\/ul>\n<h2>Tavsiyeler ve ek bilgiler:<\/h2>\n<ul>\n<li>Yan\u0131n\u0131zda havlu, mayo, g\u00fcne\u015f g\u00f6zl\u00fc\u011f\u00fc, g\u00fcne\u015f kremi getirmelisiniz.<\/li>\n<li>Al\u0131n\u0131\u015f ve b\u0131rak\u0131l\u0131\u015f saatleri otelinizin konumuna g\u00f6re de\u011fi\u015fiklik g\u00f6sterebilir.<\/li>\n<\/ul>\n<h2>Genel Bilgiler:<\/h2>\n<ul>\n<li>Tur G\u00fcnleri: Pazartesi, \u00c7ar\u015famba, Cumartesi<\/li>\n<li>Al\u0131\u015f Noktas\u0131: Otel<\/li>\n<li>Al\u0131\u015f Saati: 04:30<\/li>\n<li>B\u0131rakma Noktas\u0131: Otel<\/li>\n<li>B\u0131rakma Saati: 20:30<\/li>\n<li>Tur S\u00fcresi: 16 Saat (Ula\u015f\u0131m Dahil)<\/li>\n<\/ul>\n","protected":false},"excerpt":{"rendered":"<h3>Fiyat Listesi<\/h3>\n<table class=\"price-table\">\n<tbody>\n<tr>\n<td>Bir ki\u015fi<\/td>\n<td>Yeti\u015fkin (&gt;7)<\/td>\n<td>1960 TL<\/td>\n<\/tr>\n<tr>\n<td>Bir Ki\u015fi<\/td>\n<td>\u00c7ocuk (4-6)<\/td>\n<td>1470 TL<\/td>\n<\/tr>\n<tr>\n<td>Bir Ki\u015fi<\/td>\n<td>Bebek (0-3)<\/td>\n<td>\u00dccretsiz<\/td>\n<\/tr>\n<\/tbody>\n<\/table>\n","protected":false},"featured_media":3154,"comment_status":"open","ping_status":"closed","template":"","meta":{"_joinchat":[]},"product_brand":[],"product_cat":[43],"product_tag":[],"class_list":{"0":"post-3147","1":"product","2":"type-product","3":"status-publish","4":"has-post-thumbnail","6":"product_cat-alanya-tatil-turlari","8":"first","9":"instock","10":"sold-individually","11":"shipping-taxable","12":"purchasable","13":"product-type-booking"},"booking_location":"","booking_location_type":"","booking_duration":1,"booking_duration_unit":"day","booking_buffer":0,"booking_cost":0,"booking_resources":[],"jetpack_sharing_enabled":true,"_links":{"self":[{"href":"https:\/\/tursaytravel.com\/tr\/wp-json\/wp\/v2\/product\/3147","targetHints":{"allow":["GET"]}}],"collection":[{"href":"https:\/\/tursaytravel.com\/tr\/wp-json\/wp\/v2\/product"}],"about":[{"href":"https:\/\/tursaytravel.com\/tr\/wp-json\/wp\/v2\/types\/product"}],"replies":[{"embeddable":true,"href":"https:\/\/tursaytravel.com\/tr\/wp-json\/wp\/v2\/comments?post=3147"}],"wp:featuredmedia":[{"embeddable":true,"href":"https:\/\/tursaytravel.com\/tr\/wp-json\/wp\/v2\/media\/3154"}],"wp:attachment":[{"href":"https:\/\/tursaytravel.com\/tr\/wp-json\/wp\/v2\/media?parent=3147"}],"wp:term":[{"taxonomy":"product_brand","embeddable":true,"href":"https:\/\/tursaytravel.com\/tr\/wp-json\/wp\/v2\/product_brand?post=3147"},{"taxonomy":"product_cat","embeddable":true,"href":"https:\/\/tursaytravel.com\/tr\/wp-json\/wp\/v2\/product_cat?post=3147"},{"taxonomy":"product_tag","embeddable":true,"href":"https:\/\/tursaytravel.com\/tr\/wp-json\/wp\/v2\/product_tag?post=3147"}],"curies":[{"name":"wp","href":"https:\/\/api.w.org\/{rel}","templated":true}]}}